{"id":18,"date":"2015-05-21T20:44:34","date_gmt":"2015-05-21T18:44:34","guid":{"rendered":"http:\/\/www.paolacairo.eu\/web\/?page_id=18"},"modified":"2015-06-18T19:30:46","modified_gmt":"2015-06-18T17:30:46","slug":"radio-ara","status":"publish","type":"page","link":"http:\/\/www.paolacairo.eu\/web\/radio-ara\/","title":{"rendered":"Radio Ara"},"content":{"rendered":"<p>Dal 2008 sono coordinatrice e animatrice di VOICES BY PAROLA\u00a0la trasmissione radiofonica italiana sulle frequenze di Radio Ara (103.4 e 105.2 dal\u00a0Lussemburgo) che va in onda ogni sabato (10.00-11.30) in diretta e in streaming sul sito\u00a0<a href=\"http:\/\/www.ara.lu\/listen.html\" target=\"_blank\">http:\/\/www.ara.lu\/listen.html<\/a>.<\/p>\n<p>Mi occupo di tematiche di attualit\u00e0 con approfondimenti giornalistici, interviste, novit\u00e0 sulla realt\u00e0 italiana del Granducato, con uno sguardo all\u2019Italia e al mondo.<\/p>\n<p>Condivido questo spazio radiofonico con \u00a0Maria Grazia Galati, Elisa Cutull\u00e9, Amelia Conte, Sonia Sion.<\/p>\n<p>CONTATTI: radio@passaparola.info<\/p>\n","protected":false},"excerpt":{"rendered":"<p>Dal 2008 sono coordinatrice e animatrice di VOICES BY PAROLA\u00a0la trasmissione radiofonica italiana sulle frequenze di Radio Ara (103.4 e 105.2 dal\u00a0Lussemburgo) che va in onda ogni sabato (10.00-11.30) in diretta e in streaming sul sito\u00a0http:\/\/www.ara.lu\/listen.html. Mi occupo di tematiche di attualit\u00e0 con approfondimenti giornalistici, interviste, novit\u00e0 sulla realt\u00e0 italiana del Granducato, con uno sguardo&#8230;<\/p>\n","protected":false},"author":1,"featured_media":0,"parent":0,"menu_order":0,"comment_status":"open","ping_status":"closed","template":"","meta":[],"yoast_head":"<!-- This site is optimized with the Yoast SEO plugin v14.9 - https:\/\/yoast.com\/wordpress\/plugins\/seo\/ -->\n<meta name=\"robots\" content=\"index, follow, max-snippet:-1, max-image-preview:large, max-video-preview:-1\" \/>\n<link rel=\"canonical\" href=\"http:\/\/www.paolacairo.eu\/web\/radio-ara\/\" \/>\n<meta property=\"og:locale\" content=\"it_IT\" \/>\n<meta property=\"og:type\" content=\"article\" \/>\n<meta property=\"og:title\" content=\"Radio Ara - Paola Cairo\" \/>\n<meta property=\"og:description\" content=\"Dal 2008 sono coordinatrice e animatrice di VOICES BY PAROLA\u00a0la trasmissione radiofonica italiana sulle frequenze di Radio Ara (103.4 e 105.2 dal\u00a0Lussemburgo) che va in onda ogni sabato (10.00-11.30) in diretta e in streaming sul sito\u00a0http:\/\/www.ara.lu\/listen.html. Mi occupo di tematiche di attualit\u00e0 con approfondimenti giornalistici, interviste, novit\u00e0 sulla realt\u00e0 italiana del Granducato, con uno sguardo&#8230;\" \/>\n<meta property=\"og:url\" content=\"http:\/\/www.paolacairo.eu\/web\/radio-ara\/\" \/>\n<meta property=\"og:site_name\" content=\"Paola Cairo\" \/>\n<meta property=\"article:modified_time\" content=\"2015-06-18T17:30:46+00:00\" \/>\n<meta name=\"twitter:card\" content=\"summary\" \/>\n<script type=\"application\/ld+json\" class=\"yoast-schema-graph\">{\"@context\":\"https:\/\/schema.org\",\"@graph\":[{\"@type\":\"WebSite\",\"@id\":\"http:\/\/www.paolacairo.eu\/web\/#website\",\"url\":\"http:\/\/www.paolacairo.eu\/web\/\",\"name\":\"Paola Cairo\",\"description\":\"giornalista e conduttrice radiofonica\",\"potentialAction\":[{\"@type\":\"SearchAction\",\"target\":\"http:\/\/www.paolacairo.eu\/web\/?s={search_term_string}\",\"query-input\":\"required name=search_term_string\"}],\"inLanguage\":\"it-IT\"},{\"@type\":\"WebPage\",\"@id\":\"http:\/\/www.paolacairo.eu\/web\/radio-ara\/#webpage\",\"url\":\"http:\/\/www.paolacairo.eu\/web\/radio-ara\/\",\"name\":\"Radio Ara - Paola Cairo\",\"isPartOf\":{\"@id\":\"http:\/\/www.paolacairo.eu\/web\/#website\"},\"datePublished\":\"2015-05-21T18:44:34+00:00\",\"dateModified\":\"2015-06-18T17:30:46+00:00\",\"inLanguage\":\"it-IT\",\"potentialAction\":[{\"@type\":\"ReadAction\",\"target\":[\"http:\/\/www.paolacairo.eu\/web\/radio-ara\/\"]}]}]}<\/script>\n<!-- \/ Yoast SEO plugin. -->","_links":{"self":[{"href":"http:\/\/www.paolacairo.eu\/web\/wp-json\/wp\/v2\/pages\/18"}],"collection":[{"href":"http:\/\/www.paolacairo.eu\/web\/wp-json\/wp\/v2\/pages"}],"about":[{"href":"http:\/\/www.paolacairo.eu\/web\/wp-json\/wp\/v2\/types\/page"}],"author":[{"embeddable":true,"href":"http:\/\/www.paolacairo.eu\/web\/wp-json\/wp\/v2\/users\/1"}],"replies":[{"embeddable":true,"href":"http:\/\/www.paolacairo.eu\/web\/wp-json\/wp\/v2\/comments?post=18"}],"version-history":[{"count":4,"href":"http:\/\/www.paolacairo.eu\/web\/wp-json\/wp\/v2\/pages\/18\/revisions"}],"predecessor-version":[{"id":120,"href":"http:\/\/www.paolacairo.eu\/web\/wp-json\/wp\/v2\/pages\/18\/revisions\/120"}],"wp:attachment":[{"href":"http:\/\/www.paolacairo.eu\/web\/wp-json\/wp\/v2\/media?parent=18"}],"curies":[{"name":"wp","href":"https:\/\/api.w.org\/{rel}","templated":true}]}}